{"id":172,"date":"2021-04-10T17:53:18","date_gmt":"2021-04-10T15:53:18","guid":{"rendered":"http:\/\/arcesdg.cluster026.hosting.ovh.net\/?page_id=172"},"modified":"2024-09-02T18:40:36","modified_gmt":"2024-09-02T16:40:36","slug":"relais-des-assistantes-maternelles","status":"publish","type":"page","link":"http:\/\/arcesdg.cluster026.hosting.ovh.net\/index.php\/relais-des-assistantes-maternelles\/","title":{"rendered":"R\u00e9seau Petite Enfance"},"content":{"rendered":"\n<p>Le Relais Assistants Maternels Parents est un service gratuit de proximit\u00e9 un lieu d&rsquo;\u00e9changes, d&rsquo;\u00e9coute et d&rsquo;informations autour du jeune enfant. <\/p>\n\n\n\n<p>Le relais existe gr\u00e2ce au soutien des collectivit\u00e9s locales, des partenaires institutionnels et du REAAP.<\/p>\n\n\n\n<p class=\"has-text-color\" style=\"color:#902b33\">G\u00e9r\u00e9 par l&rsquo;association Suce Pouce<\/p>\n\n\n\n<p style=\"line-height:0.5\">27, rue de la Balasti\u00e8re<\/p>\n\n\n\n<p style=\"line-height:0.5\">89100 Saint-Cl\u00e9ment<\/p>\n\n\n\n<p style=\"line-height:0.5\">T\u00e9l : 03.68.89.00.45<\/p>\n\n\n\n<p style=\"line-height:0.5\">Port : 06.46.90.78.47<\/p>\n\n\n\n<p style=\"line-height:0.5\">Email : <a href=\"ram-passerelles@stclement.fr\" data-type=\"URL\" data-id=\"ram-passerelles@stclement.fr\" target=\"_blank\" rel=\"noreferrer noopener\">ram-passerelles@stclement.fr<\/a><\/p>\n\n\n\n<p>Retrouver toutes les informations sur le site de la CCVPO en cliquant <a href=\"http:\/\/ccvpo.fr\/\" data-type=\"URL\" data-id=\"http:\/\/ccvpo.fr\/\" target=\"_blank\" rel=\"noreferrer noopener\">ici<\/a><\/p>\n\n\n\n<div data-wp-interactive=\"core\/file\" class=\"wp-block-file\"><object data-wp-bind--hidden=\"!state.hasPdfPreview\" hidden class=\"wp-block-file__embed\" data=\"http:\/\/arcesdg.cluster026.hosting.ovh.net\/wp-content\/uploads\/2024\/09\/La-gazette-du-Relais-2.pdf\" type=\"application\/pdf\" style=\"width:100%;height:600px\" aria-label=\"Contenu embarqu\u00e9 La gazette du Relais.\"><\/object><a id=\"wp-block-file--media-6908d476-7694-42e1-b197-2090107bfda5\" href=\"http:\/\/arcesdg.cluster026.hosting.ovh.net\/wp-content\/uploads\/2024\/09\/La-gazette-du-Relais-2.pdf\">La gazette du Relais<\/a><a href=\"http:\/\/arcesdg.cluster026.hosting.ovh.net\/wp-content\/uploads\/2024\/09\/La-gazette-du-Relais-2.pdf\" class=\"wp-block-file__button wp-element-button\" download aria-describedby=\"wp-block-file--media-6908d476-7694-42e1-b197-2090107bfda5\">T\u00e9l\u00e9charger<\/a><\/div>\n\n\n\n<h2 class=\"wp-block-heading has-text-color\" style=\"color:#902b33\"><strong>Horaires des animations<\/strong><\/h2>\n\n\n\n<p style=\"line-height:0.5\">A destination des parents et enfants<\/p>\n\n\n\n<p style=\"line-height:0.5\">Saint-Cl\u00e9ment (Centre de loisirs)<\/p>\n\n\n\n<p style=\"line-height:0.5\">Mardi et Vendredi : 9h30 &#8211; 11h<\/p>\n\n\n\n<h2 class=\"wp-block-heading\"><\/h2>\n\n\n\n<p style=\"line-height:0.5\">Theil sur Vanne (Ecole)<\/p>\n\n\n\n<p style=\"line-height:0.5\">Lundi : 9h30 &#8211; 11h<\/p>\n\n\n\n<h2 class=\"wp-block-heading\"><\/h2>\n\n\n\n<p style=\"line-height:0.5\">Cerisiers (Gymnase)<\/p>\n\n\n\n<p style=\"line-height:0.5\">Jeudi : 9h30 &#8211; 11h<\/p>\n\n\n\n<h2 class=\"wp-block-heading\"><\/h2>\n\n\n\n<p style=\"line-height:0.5\">Villeneuve l&rsquo;Archev\u00eaque (41 rue de la r\u00e9publique)<\/p>\n\n\n\n<p style=\"line-height:0.5\">Mercredi : 9h30 &#8211; 11h<\/p>\n\n\n\n<h2 class=\"wp-block-heading\"><\/h2>\n\n\n\n<h2 class=\"wp-block-heading has-text-color\" style=\"color:#902b33\"><strong>Horaires des permanences<\/strong><\/h2>\n\n\n\n<p style=\"line-height:0.5\">Saint-Cl\u00e9ment (maison de l&rsquo;enfance)<\/p>\n\n\n\n<p style=\"line-height:0.5\">Vendredi : 14h &#8211; 18h<\/p>\n\n\n\n<p style=\"line-height:0.5\">Le 2\u00e8me samedi du mois : 9h &#8211; 12h<\/p>\n\n\n\n<p style=\"line-height:0.5\">Le 1er vendredi du mois : 12h30 &#8211; 16h<\/p>\n\n\n\n<h2 class=\"wp-block-heading\"><\/h2>\n\n\n\n<p style=\"line-height:0.5\">Villeneuve l&rsquo;Archev\u00eaque (bureau n\u00b05 de la maison de sant\u00e9)<\/p>\n\n\n\n<p style=\"line-height:0.5\">Mercredi : 14h &#8211; 17h15 (sur RDV)<\/p>\n\n\n\n<p style=\"line-height:0.5\">3\u00e8me mercredi du mois permanence de 16h \u00e0 18h15<\/p>\n\n\n\n<h2 class=\"wp-block-heading\"><\/h2>\n\n\n\n<p style=\"line-height:0.5\">Chigy (mairie)<\/p>\n\n\n\n<p style=\"line-height:0.5\">Jeudi : 14h &#8211; 17h45 (sur RDV)<\/p>\n\n\n\n<p style=\"line-height:0.5\">2\u00e8me jeudi du mois permanence de 16h \u00e0 18h15<\/p>\n","protected":false},"excerpt":{"rendered":"<p>Le Relais Assistants Maternels Parents est un service gratuit de proximit\u00e9 un lieu d&rsquo;\u00e9changes, d&rsquo;\u00e9coute et d&rsquo;informations autour du jeune enfant. Le relais existe gr\u00e2ce au soutien des collectivit\u00e9s locales, des partenaires institutionnels et du REAAP. G\u00e9r\u00e9 par l&rsquo;association Suce Pouce 27, rue de la Balasti\u00e8re 89100 Saint-Cl\u00e9ment T\u00e9l : 03.68.89.00.45 Port : 06.46.90.78.47 Email &hellip; <\/p>\n<p class=\"link-more\"><a href=\"http:\/\/arcesdg.cluster026.hosting.ovh.net\/index.php\/relais-des-assistantes-maternelles\/\" class=\"more-link\">Continuer la lecture<span class=\"screen-reader-text\"> de &laquo;&nbsp;R\u00e9seau Petite Enfance&nbsp;&raquo;<\/span><\/a><\/p>\n","protected":false},"author":1,"featured_media":0,"parent":0,"menu_order":0,"comment_status":"closed","ping_status":"closed","template":"","meta":{"footnotes":""},"class_list":["post-172","page","type-page","status-publish","hentry"],"_links":{"self":[{"href":"http:\/\/arcesdg.cluster026.hosting.ovh.net\/index.php\/wp-json\/wp\/v2\/pages\/172","targetHints":{"allow":["GET"]}}],"collection":[{"href":"http:\/\/arcesdg.cluster026.hosting.ovh.net\/index.php\/wp-json\/wp\/v2\/pages"}],"about":[{"href":"http:\/\/arcesdg.cluster026.hosting.ovh.net\/index.php\/wp-json\/wp\/v2\/types\/page"}],"author":[{"embeddable":true,"href":"http:\/\/arcesdg.cluster026.hosting.ovh.net\/index.php\/wp-json\/wp\/v2\/users\/1"}],"replies":[{"embeddable":true,"href":"http:\/\/arcesdg.cluster026.hosting.ovh.net\/index.php\/wp-json\/wp\/v2\/comments?post=172"}],"version-history":[{"count":11,"href":"http:\/\/arcesdg.cluster026.hosting.ovh.net\/index.php\/wp-json\/wp\/v2\/pages\/172\/revisions"}],"predecessor-version":[{"id":2142,"href":"http:\/\/arcesdg.cluster026.hosting.ovh.net\/index.php\/wp-json\/wp\/v2\/pages\/172\/revisions\/2142"}],"wp:attachment":[{"href":"http:\/\/arcesdg.cluster026.hosting.ovh.net\/index.php\/wp-json\/wp\/v2\/media?parent=172"}],"curies":[{"name":"wp","href":"https:\/\/api.w.org\/{rel}","templated":true}]}}