{"id":105,"date":"2021-04-10T17:40:08","date_gmt":"2021-04-10T15:40:08","guid":{"rendered":"http:\/\/arcesdg.cluster026.hosting.ovh.net\/?page_id=105"},"modified":"2025-08-26T20:13:21","modified_gmt":"2025-08-26T18:13:21","slug":"salles-municipales","status":"publish","type":"page","link":"http:\/\/arcesdg.cluster026.hosting.ovh.net\/index.php\/salles-municipales\/","title":{"rendered":"Salles municipales"},"content":{"rendered":"\n<p style=\"line-height:0.5\">La Mairie se charge de la location des diff\u00e9rentes salles municipales<\/p>\n\n\n\n<p style=\"line-height:0.5\">Ce service est joignable en mairie<\/p>\n\n\n\n<p style=\"line-height:0.5\">1 rue des \u00e9coles 89320 Arces-Dilo,<\/p>\n\n\n\n<p style=\"line-height:0.5\">par t\u00e9l\u00e9phone au 03 86 88 14 03 (aux heures d\u2019ouverture de la mairie)<\/p>\n\n\n\n<p style=\"line-height:0.5\">ou par courriel :&nbsp;<a href=\"mailto:mairie.arces@wanadoo.fr\" target=\"_blank\" rel=\"noreferrer noopener\">mairie.arces@wanadoo.fr<\/a><\/p>\n\n\n\n<p style=\"line-height:0.5\">Il est possible de louer la salle polyvalente et la salle des associations<\/p>\n\n\n\n<p style=\"line-height:1.5\">Pour toutes les salles le nettoyage est effectu\u00e9 par le loueur de la salle, une caution est demand\u00e9e qui sera restitu\u00e9e apr\u00e8s l\u2019\u00e9tat des lieux.<\/p>\n\n\n\n<p style=\"line-height:1.5\">Si vous souhaitez disposer de tables et de chaises, la commune peut \u00e9galement les mettre \u00e0 votre disposition dans la limite des stocks disponibles.<\/p>\n\n\n\n<h2 class=\"wp-block-heading has-text-align-center has-text-color\" style=\"color:#902b33\"><strong>Tarifs<\/strong><\/h2>\n\n\n\n<p class=\"has-text-align-center has-black-color has-text-color\" style=\"line-height:0.5\"><em><strong>Salle polyvalente (maximum 120 personnes)<\/strong><\/em><\/p>\n\n\n<div class=\"wp-block-image is-style-rounded\">\n<figure class=\"aligncenter size-large is-resized\"><img loading=\"lazy\" decoding=\"async\" width=\"1024\" height=\"512\" src=\"http:\/\/arcesdg.cluster026.hosting.ovh.net\/wp-content\/uploads\/2021\/04\/sallepolyvalente-1024x512.jpg\" alt=\"\" class=\"wp-image-420\" style=\"width:241px;height:121px\" srcset=\"http:\/\/arcesdg.cluster026.hosting.ovh.net\/wp-content\/uploads\/2021\/04\/sallepolyvalente-1024x512.jpg 1024w, http:\/\/arcesdg.cluster026.hosting.ovh.net\/wp-content\/uploads\/2021\/04\/sallepolyvalente-300x150.jpg 300w, http:\/\/arcesdg.cluster026.hosting.ovh.net\/wp-content\/uploads\/2021\/04\/sallepolyvalente-768x384.jpg 768w, http:\/\/arcesdg.cluster026.hosting.ovh.net\/wp-content\/uploads\/2021\/04\/sallepolyvalente.jpg 1190w\" sizes=\"auto, (max-width: 767px) 89vw, (max-width: 1000px) 54vw, (max-width: 1071px) 543px, 580px\" \/><\/figure>\n<\/div>\n\n\n<p><\/p>\n\n\n\n<p class=\"has-text-align-center\" style=\"line-height:1.5\"><em>Habitants de la commune<\/em><\/p>\n\n\n\n<p class=\"has-text-align-center\" style=\"line-height:0.5\">1 jour : 131 \u20ac<\/p>\n\n\n\n<p class=\"has-text-align-center\" style=\"line-height:0.5\">2 jours : 173 \u20ac<\/p>\n\n\n\n<p class=\"has-text-align-center\" style=\"line-height:0.5\">3 jours : 225 \u20ac<\/p>\n\n\n\n<p class=\"has-text-align-center\"><em>Personnes hors commune<\/em><\/p>\n\n\n\n<p class=\"has-text-align-center\" style=\"line-height:0.5\">1 jour : 185 \u20ac<\/p>\n\n\n\n<p class=\"has-text-align-center\" style=\"line-height:0.5\">2 jours : 225 \u20ac<\/p>\n\n\n\n<p class=\"has-text-align-center\" style=\"line-height:0.5\">3 jours : 266 \u20ac<\/p>\n\n\n\n<p class=\"has-text-align-center\"><\/p>\n\n\n\n<div class=\"wp-block-group\"><div class=\"wp-block-group__inner-container is-layout-flow wp-block-group-is-layout-flow\"><div class=\"wp-block-image is-style-rounded\">\n<figure class=\"aligncenter size-large is-resized\"><img loading=\"lazy\" decoding=\"async\" width=\"1024\" height=\"768\" src=\"http:\/\/arcesdg.cluster026.hosting.ovh.net\/wp-content\/uploads\/2021\/04\/salleassociation-1024x768.jpg\" alt=\"\" class=\"wp-image-419\" style=\"width:249px\" srcset=\"http:\/\/arcesdg.cluster026.hosting.ovh.net\/wp-content\/uploads\/2021\/04\/salleassociation-1024x768.jpg 1024w, http:\/\/arcesdg.cluster026.hosting.ovh.net\/wp-content\/uploads\/2021\/04\/salleassociation-300x225.jpg 300w, http:\/\/arcesdg.cluster026.hosting.ovh.net\/wp-content\/uploads\/2021\/04\/salleassociation-768x576.jpg 768w, http:\/\/arcesdg.cluster026.hosting.ovh.net\/wp-content\/uploads\/2021\/04\/salleassociation.jpg 1032w\" sizes=\"auto, (max-width: 767px) 89vw, (max-width: 1000px) 54vw, (max-width: 1071px) 543px, 580px\" \/><\/figure>\n<\/div><\/div><\/div>\n\n\n\n<p class=\"has-text-align-center has-black-color has-text-color\" style=\"line-height:1.5\"><em><strong>Salle des associations (maximum 60 personnes)<\/strong><\/em><\/p>\n\n\n\n<p class=\"has-text-align-center\" style=\"line-height:1.1\"><\/p>\n\n\n\n<p class=\"has-text-align-center\"><em><em>Habitants de la commune<\/em><\/em><\/p>\n\n\n\n<p class=\"has-text-align-center\" style=\"line-height:0.5\">1 jour : 90 \u20ac<\/p>\n\n\n\n<p class=\"has-text-align-center\" style=\"line-height:0.5\">2 jours : 180 \u20ac<\/p>\n\n\n\n<p class=\"has-text-align-center\"><em>Personnes hors commune<\/em><\/p>\n\n\n\n<p class=\"has-text-align-center\" style=\"line-height:0.5\">1 jour : 110 \u20ac<\/p>\n\n\n\n<p class=\"has-text-align-center\" style=\"line-height:0.5\">2 jours : 180 \u20ac<\/p>\n","protected":false},"excerpt":{"rendered":"<p>La Mairie se charge de la location des diff\u00e9rentes salles municipales Ce service est joignable en mairie 1 rue des \u00e9coles 89320 Arces-Dilo, par t\u00e9l\u00e9phone au 03 86 88 14 03 (aux heures d\u2019ouverture de la mairie) ou par courriel :&nbsp;mairie.arces@wanadoo.fr Il est possible de louer la salle polyvalente et la salle des associations Pour &hellip; <\/p>\n<p class=\"link-more\"><a href=\"http:\/\/arcesdg.cluster026.hosting.ovh.net\/index.php\/salles-municipales\/\" class=\"more-link\">Continuer la lecture<span class=\"screen-reader-text\"> de &laquo;&nbsp;Salles municipales&nbsp;&raquo;<\/span><\/a><\/p>\n","protected":false},"author":1,"featured_media":0,"parent":0,"menu_order":0,"comment_status":"closed","ping_status":"closed","template":"","meta":{"footnotes":""},"class_list":["post-105","page","type-page","status-publish","hentry"],"_links":{"self":[{"href":"http:\/\/arcesdg.cluster026.hosting.ovh.net\/index.php\/wp-json\/wp\/v2\/pages\/105","targetHints":{"allow":["GET"]}}],"collection":[{"href":"http:\/\/arcesdg.cluster026.hosting.ovh.net\/index.php\/wp-json\/wp\/v2\/pages"}],"about":[{"href":"http:\/\/arcesdg.cluster026.hosting.ovh.net\/index.php\/wp-json\/wp\/v2\/types\/page"}],"author":[{"embeddable":true,"href":"http:\/\/arcesdg.cluster026.hosting.ovh.net\/index.php\/wp-json\/wp\/v2\/users\/1"}],"replies":[{"embeddable":true,"href":"http:\/\/arcesdg.cluster026.hosting.ovh.net\/index.php\/wp-json\/wp\/v2\/comments?post=105"}],"version-history":[{"count":28,"href":"http:\/\/arcesdg.cluster026.hosting.ovh.net\/index.php\/wp-json\/wp\/v2\/pages\/105\/revisions"}],"predecessor-version":[{"id":2348,"href":"http:\/\/arcesdg.cluster026.hosting.ovh.net\/index.php\/wp-json\/wp\/v2\/pages\/105\/revisions\/2348"}],"wp:attachment":[{"href":"http:\/\/arcesdg.cluster026.hosting.ovh.net\/index.php\/wp-json\/wp\/v2\/media?parent=105"}],"curies":[{"name":"wp","href":"https:\/\/api.w.org\/{rel}","templated":true}]}}